{"id":18948,"date":"2024-10-15T17:39:07","date_gmt":"2024-10-15T15:39:07","guid":{"rendered":"https:\/\/www.dein-stellplatz.de\/?page_id=18948"},"modified":"2025-03-31T22:57:15","modified_gmt":"2025-03-31T20:57:15","slug":"scheibentoenung","status":"publish","type":"page","link":"https:\/\/www.dein-stellplatz.de\/pl\/scheibentoenung\/","title":{"rendered":"Barwienie p\u0142yt"},"content":{"rendered":"<p><\/p>\n<h2>Ochrona i styl<\/h2>\n<p>Dzi\u0119ki profesjonalnemu przyciemnianiu szyb nie tylko nadasz swojemu pojazdowi stylowy wygl\u0105d, ale tak\u017ce skorzystasz z wielu praktycznych zalet, kt\u00f3re uprzyjemni\u0105 jazd\u0119. Nasze wysokiej jako\u015bci przyciemnianie szyb zapewnia optymaln\u0105 ochron\u0119 przed promieniami s\u0142onecznymi, zwi\u0119ksza prywatno\u015b\u0107 w poje\u017adzie i jednocze\u015bnie nadaje samochodowi elegancki, nowoczesny wygl\u0105d.<\/p>\n<p>&nbsp;<\/p>\n<h3>Ochrona przed promieniami UV i ciep\u0142em<\/h3>\n<p>Przyciemniane szyby zapewniaj\u0105 doskona\u0142\u0105 ochron\u0119 przed szkodliwymi promieniami UV. Odfiltrowuj\u0105 du\u017c\u0105 cz\u0119\u015b\u0107 promieni s\u0142onecznych, co nie tylko chroni sk\u00f3r\u0119, ale tak\u017ce zapobiega blakni\u0119ciu tapicerki i powierzchni wewn\u0119trznych. Przyciemnianie zauwa\u017calnie zmniejsza r\u00f3wnie\u017c ciep\u0142o we wn\u0119trzu. W upalne dni dzi\u0119ki przyciemnianym szybom w poje\u017adzie jest znacznie ch\u0142odniej, co mo\u017ce r\u00f3wnie\u017c zmniejszy\u0107 zu\u017cycie klimatyzacji. Rezultatem s\u0105 przyjemniejsze wra\u017cenia z jazdy i lepsza efektywno\u015b\u0107 energetyczna.<\/p>\n<p>&nbsp;<\/p>\n<h3>Mniej odblask\u00f3w i wi\u0119kszy komfort<\/h3>\n<p>Przyciemnianie znacznie zmniejsza efekt ol\u015bnienia powodowany przez silne \u015bwiat\u0142o s\u0142oneczne lub inne jasne \u017ar\u00f3d\u0142a \u015bwiat\u0142a. Zwi\u0119ksza to komfort jazdy, zw\u0142aszcza gdy s\u0142o\u0144ce znajduje si\u0119 nisko na niebie lub podczas jazdy noc\u0105. Przyciemnienie przedniej szyby nie pogarsza widoczno\u015bci &#8211; wr\u0119cz przeciwnie, pomaga lepiej skoncentrowa\u0107 si\u0119 na drodze bez rozpraszania si\u0119 jasnym \u015bwiat\u0142em.<\/p>\n<p>&nbsp;<\/p>\n<h3>Wi\u0119ksza prywatno\u015b\u0107 i bezpiecze\u0144stwo<\/h3>\n<p>Kolejn\u0105 zalet\u0105 przyciemniania przedniej szyby jest zwi\u0119kszona prywatno\u015b\u0107. Osoby przechodz\u0105ce obok b\u0119d\u0105 mia\u0142y trudno\u015bci z zajrzeniem do wn\u0119trza pojazdu, dzi\u0119ki czemu Twoje rzeczy osobiste b\u0119d\u0105 bezpieczniejsze. Mo\u017ce to r\u00f3wnie\u017c pom\u00f3c zmniejszy\u0107 ryzyko kradzie\u017cy, poniewa\u017c potencjalni z\u0142odzieje nie b\u0119d\u0105 w stanie tak \u0142atwo zajrze\u0107 do wn\u0119trza pojazdu.<\/p>\n<p>&nbsp;<\/p>\n<h3>Dostosowanie do w\u0142asnego stylu<\/h3>\n<p>Masz mo\u017cliwo\u015b\u0107 wyboru stopnia przyciemnienia, kt\u00f3ry odpowiada Twoim indywidualnym preferencjom. W zale\u017cno\u015bci od preferowanego efektu &#8211; subtelnego przyciemnienia lub ciemniejszego, bardziej wyrazistego wygl\u0105du &#8211; oferujemy r\u00f3\u017cne poziomy przyciemnienia, kt\u00f3re s\u0105 optymalnie dostosowane do potrzeb i pojazdu. Je\u015bli nie masz pewno\u015bci, kt\u00f3ry poziom przyciemnienia najlepiej pasuje do Twojego samochodu, z przyjemno\u015bci\u0105 pomo\u017cemy Ci na miejscu. Za pomoc\u0105 pr\u00f3bek poka\u017cemy r\u00f3\u017cne opcje, aby\u015b m\u00f3g\u0142 dokona\u0107 idealnego wyboru.<\/p>\n<p>&nbsp;<\/p>\n<h3>Dostosowanie do rozmiaru pojazdu<\/h3>\n<p>Przyciemnianie szyb mo\u017cna dostosowa\u0107 do wszystkich rozmiar\u00f3w i typ\u00f3w pojazd\u00f3w, od pojazd\u00f3w kompaktowych po wi\u0119ksze SUV-y. Podczas rezerwacji mo\u017cesz okre\u015bli\u0107 rozmiar swojego pojazdu i po\u017c\u0105dany stopie\u0144 przyciemnienia, aby\u015bmy mogli dostosowa\u0107 przyciemnienie dok\u0142adnie do Twojego pojazdu.<\/p>\n<p>&nbsp;<\/p>\n<h3>Depozyt za klucze<\/h3>\n<p>W przypadku tej us\u0142ugi wymagany jest depozyt kluczyk\u00f3w, kt\u00f3ry jest oczywi\u015bcie wliczony w cen\u0119. Dzi\u0119ki temu mo\u017cemy optymalnie zadba\u0107 o Tw\u00f3j pojazd podczas Twojego pobytu i przeprowadzi\u0107 przyciemnianie szyb precyzyjnie i bez presji czasu.<\/p>\n<p>Podsumowuj\u0105c, przyciemnianie szyb zapewnia nie tylko stylowy wygl\u0105d, ale tak\u017ce wymierne korzy\u015bci dla komfortu i bezpiecze\u0144stwa w samochodzie. Zdecyduj si\u0119 na t\u0119 profesjonaln\u0105 us\u0142ug\u0119 i uczy\u0144 sw\u00f3j samoch\u00f3d jeszcze przyjemniejszym miejscem &#8211; zar\u00f3wno pod wzgl\u0119dem wizualnym, jak i funkcjonalnym!<\/p>\n<p>&nbsp;<\/p>\n<p>&nbsp;<\/p>","protected":false},"excerpt":{"rendered":"<p>Ochrona i styl Dzi\u0119ki profesjonalnemu przyciemnianiu szyb nie tylko nadasz swojemu pojazdowi stylowy wygl\u0105d, ale tak\u017ce skorzystasz z wielu praktycznych zalet, kt\u00f3re uprzyjemni\u0105 jazd\u0119. Nasze wysokiej jako\u015bci przyciemnianie szyb zapewnia optymaln\u0105 ochron\u0119 przed promieniami s\u0142onecznymi, zwi\u0119ksza prywatno\u015b\u0107 w poje\u017adzie i jednocze\u015bnie nadaje samochodowi elegancki, nowoczesny wygl\u0105d. &nbsp; Ochrona przed promieniami UV i ciep\u0142em Przyciemniane szyby [&hellip;]<\/p>\n","protected":false},"author":1,"featured_media":0,"parent":0,"menu_order":170,"comment_status":"closed","ping_status":"closed","template":"","meta":{"footnotes":""},"_links":{"self":[{"href":"https:\/\/www.dein-stellplatz.de\/pl\/wp-json\/wp\/v2\/pages\/18948"}],"collection":[{"href":"https:\/\/www.dein-stellplatz.de\/pl\/wp-json\/wp\/v2\/pages"}],"about":[{"href":"https:\/\/www.dein-stellplatz.de\/pl\/wp-json\/wp\/v2\/types\/page"}],"author":[{"embeddable":true,"href":"https:\/\/www.dein-stellplatz.de\/pl\/wp-json\/wp\/v2\/users\/1"}],"replies":[{"embeddable":true,"href":"https:\/\/www.dein-stellplatz.de\/pl\/wp-json\/wp\/v2\/comments?post=18948"}],"version-history":[{"count":2,"href":"https:\/\/www.dein-stellplatz.de\/pl\/wp-json\/wp\/v2\/pages\/18948\/revisions"}],"predecessor-version":[{"id":18950,"href":"https:\/\/www.dein-stellplatz.de\/pl\/wp-json\/wp\/v2\/pages\/18948\/revisions\/18950"}],"wp:attachment":[{"href":"https:\/\/www.dein-stellplatz.de\/pl\/wp-json\/wp\/v2\/media?parent=18948"}],"curies":[{"name":"wp","href":"https:\/\/api.w.org\/{rel}","templated":true}]}}